{"id":2191,"date":"2025-05-09T11:21:44","date_gmt":"2025-05-09T09:21:44","guid":{"rendered":"https:\/\/miteinander.fed-leipzig.de\/?post_type=tribe_events&#038;p=2191"},"modified":"2025-05-09T11:21:44","modified_gmt":"2025-05-09T09:21:44","slug":"cafe-miteinander-21-06-2025","status":"publish","type":"tribe_events","link":"https:\/\/miteinander.fed-leipzig.de\/ar\/termine\/cafe-miteinander-21-06-2025\/","title":{"rendered":"Caf\u00e9 MITeinander \u2013 21.06.2025"},"content":{"rendered":"<p>Willkommen im Caf\u00e9 MITeinander \u2013 einem Ort der Begegnung und Vielfalt!<br \/>\nMitten im Leipziger Stadtteil Plagwitz \u00f6ffnet das Caf\u00e9 MITeinander einmal im Monat seine T\u00fcren f\u00fcr Familien aus allen Lebenswelten. Eingeladen sind alle, die Lust auf Austausch, neue Perspektiven und gemeinsames Erleben haben.<br \/>\nDas Angebot ist Teil des Projekts \u201eMITeinander \u2013 Migration, Inklusion, Teilhabe\u201c, organisiert von der Elterninitiative FED Leipzig e.V. Ziel ist es, einen offenen Raum zu schaffen, in dem Menschen unterschiedlicher Herkunft miteinander ins Gespr\u00e4ch kommen, voneinander lernen und sich gegenseitig unterst\u00fctzen k\u00f6nnen.<br \/>\nJedes Treffen widmet sich einem neuen Thema, das wir gemeinsam mit Fachpersonen beleuchten \u2013 von Erziehungsfragen \u00fcber kulturelle Erfahrungen bis hin zu Fragen rund um Gesundheit und Alltag. Dabei bleibt viel Raum f\u00fcr Fragen, Diskussionen und den Austausch ganz pers\u00f6nlicher Geschichten.<br \/>\nDoch das Caf\u00e9 MITeinander ist mehr als ein Gespr\u00e4chsraum: Es ist ein Ort, an dem Ideen wachsen, Veranstaltungen geplant werden und Gemeinschaft gelebt wird. Kreativit\u00e4t, Eigeninitiative und gegenseitige Unterst\u00fctzung stehen hier im Mittelpunkt. Gemeinsam feiern wir das bunte Leben in all seinen Facetten.<br \/>\nAlle sind herzlich willkommen \u2013 unabh\u00e4ngig von Alter, Herkunft oder Lebenssituation. Die Teilnahme ist kostenlos, eine Anmeldung ist nicht erforderlich.<br \/>\nUnser n\u00e4chstes Treffen findet im Ludwigsgarten in der Ludwigsstra\u00dfe, nahe der Eisenbahnstra\u00dfe, statt. Dieses Mal laden wir zu einem fr\u00f6hlichen Gartenfest mit Grillen ein \u2013 eine sch\u00f6ne Gelegenheit, ins Gespr\u00e4ch zu kommen und gemeinsam Zeit zu verbringen.<br \/>\nWir freuen uns auf Sie!<\/p>\n","protected":false},"excerpt":{"rendered":"<p>Willkommen im Caf\u00e9 MITeinander \u2013 einem Ort der Begegnung und Vielfalt! Mitten im Leipziger Stadtteil Plagwitz \u00f6ffnet das Caf\u00e9 MITeinander einmal im Monat seine T\u00fcren f\u00fcr Familien aus allen Lebenswelten. [&hellip;]<\/p>\n","protected":false},"author":4,"featured_media":260,"template":"","meta":{"_acf_changed":false,"_seopress_robots_primary_cat":"","_seopress_titles_title":"","_seopress_titles_desc":"","_seopress_robots_index":"","_et_pb_use_builder":"","_et_pb_old_content":"","_et_gb_content_width":"","_tribe_events_status":"","_tribe_events_status_reason":"","footnotes":""},"tags":[25,26,27,8,33,9,152,11,12,13,14,16,17,18,19,20,21,23],"tribe_events_cat":[6],"class_list":["post-2191","tribe_events","type-tribe_events","status-publish","has-post-thumbnail","hentry","tag-niedrigschwelliges-angebot","tag-selbsthilfe","tag-gemeinschaftserfahrung","tag-inklusion","tag-kultureller-austausch","tag-barrierefrei","tag-ludwigsgarten-gemeinschaftsgarten","tag-behinderung","tag-familientreffen","tag-sichere-raeume","tag-austausch","tag-gegenseitige-unterstuetzung","tag-orientierung","tag-fragen-zu-behinderung","tag-familienfreundlich","tag-kinderbetreuung","tag-mehrsprachigkeit","tag-familienzentrum-plagwitz","tribe_events_cat-cafe-miteinander","cat_cafe-miteinander"],"acf":[],"_links":{"self":[{"href":"https:\/\/miteinander.fed-leipzig.de\/ar\/wp-json\/wp\/v2\/tribe_events\/2191","targetHints":{"allow":["GET"]}}],"collection":[{"href":"https:\/\/miteinander.fed-leipzig.de\/ar\/wp-json\/wp\/v2\/tribe_events"}],"about":[{"href":"https:\/\/miteinander.fed-leipzig.de\/ar\/wp-json\/wp\/v2\/types\/tribe_events"}],"author":[{"embeddable":true,"href":"https:\/\/miteinander.fed-leipzig.de\/ar\/wp-json\/wp\/v2\/users\/4"}],"version-history":[{"count":1,"href":"https:\/\/miteinander.fed-leipzig.de\/ar\/wp-json\/wp\/v2\/tribe_events\/2191\/revisions"}],"predecessor-version":[{"id":2193,"href":"https:\/\/miteinander.fed-leipzig.de\/ar\/wp-json\/wp\/v2\/tribe_events\/2191\/revisions\/2193"}],"wp:featuredmedia":[{"embeddable":true,"href":"https:\/\/miteinander.fed-leipzig.de\/ar\/wp-json\/wp\/v2\/media\/260"}],"wp:attachment":[{"href":"https:\/\/miteinander.fed-leipzig.de\/ar\/wp-json\/wp\/v2\/media?parent=2191"}],"wp:term":[{"taxonomy":"post_tag","embeddable":true,"href":"https:\/\/miteinander.fed-leipzig.de\/ar\/wp-json\/wp\/v2\/tags?post=2191"},{"taxonomy":"tribe_events_cat","embeddable":true,"href":"https:\/\/miteinander.fed-leipzig.de\/ar\/wp-json\/wp\/v2\/tribe_events_cat?post=2191"}],"curies":[{"name":"wp","href":"https:\/\/api.w.org\/{rel}","templated":true}]}}