{"id":857,"date":"2023-09-25T11:09:55","date_gmt":"2023-09-25T09:09:55","guid":{"rendered":"https:\/\/miteinander.fed-leipzig.de\/?post_type=tribe_events&#038;p=857"},"modified":"2023-09-25T11:09:55","modified_gmt":"2023-09-25T09:09:55","slug":"cafe-miteinander-09-03-2024","status":"publish","type":"tribe_events","link":"https:\/\/miteinander.fed-leipzig.de\/es\/termine\/cafe-miteinander-09-03-2024\/","title":{"rendered":"Caf\u00e9 MITeinander \u2013 09.03.2024"},"content":{"rendered":"<p>Im Herzen von Plagwitz erwartet Sie das Cafe MITeinander, unser monatlicher Familienzusammenkunft. Pr\u00e4sentiert von \u00abMITeinander \u2013 Migration, Inklusion, Teilhabe\u00bb und als Teil der Elterninitiative FED Leipzig e.V., bieten wir jeden Monat einen Ort des Zusammenseins f\u00fcr Familien aus allen Lebensbereichen.<\/p>\n<p>Jedes Treffen hat seinen eigenen thematischen Fokus. Daf\u00fcr gewinnen wir Experten, die mit ihren Einblicken die Grundlage f\u00fcr lebendige Diskussionen und Gespr\u00e4che legen. Die Bandbreite unserer Themen ist gro\u00df und umfasst Bereiche von Bildung \u00fcber Kultur bis hin zu Gesundheitsfragen.<\/p>\n<p>Das Cafe MITeinander ist nicht nur ein Ort des Austauschs, sondern auch ein kreativer N\u00e4hrboden f\u00fcr Ideen zu zuk\u00fcnftigen Veranstaltungen. Hier wird Gemeinschaft gefeiert, Selbsthilfe praktiziert und gegenseitige Unterst\u00fctzung gro\u00dfgeschrieben. Es ist ein Ort, an dem Vielfalt, Freude und das Teilen von Erfahrungen Hand in Hand gehen.<\/p>\n<p>Jeder ist bei uns willkommen, und der Zugang ist stets unkompliziert und kostenfrei. Wir legen Wert auf die Diversit\u00e4t unserer Besucher, unabh\u00e4ngig von Alter, Geschlecht oder kulturellem Hintergrund.<\/p>\n<p>Kommen Sie vorbei und erleben Sie es selbst im \u00abTreffpunkt Linde\u00bb in Leipzig-Plagwitz. Unsere Treffen sind regelm\u00e4\u00dfig in der Walter-Heinze-Str. 22\/ Innenhof, 04229 Leipzig. Wir freuen uns auf ein Kennenlernen!<\/p>\n","protected":false},"excerpt":{"rendered":"<p>Im Herzen von Plagwitz erwartet Sie das Cafe MITeinander, unser monatlicher Familienzusammenkunft. Pr\u00e4sentiert von \u00abMITeinander \u2013 Migration, Inklusion, Teilhabe\u00bb und als Teil der Elterninitiative FED Leipzig e.V., bieten wir jeden [&hellip;]<\/p>\n","protected":false},"author":1,"featured_media":260,"template":"","meta":{"_acf_changed":false,"_seopress_robots_primary_cat":"","_seopress_titles_title":"","_seopress_titles_desc":"","_seopress_robots_index":"","_et_pb_use_builder":"","_et_pb_old_content":"","_et_gb_content_width":"","_tribe_events_status":"","_tribe_events_status_reason":"","footnotes":""},"tags":[21,23,25,26,27,8,28,9,33,11,12,13,14,16,17,18,19,20],"tribe_events_cat":[6],"class_list":["post-857","tribe_events","type-tribe_events","status-publish","has-post-thumbnail","hentry","tag-mehrsprachigkeit","tag-familienzentrum-plagwitz","tag-niedrigschwelliges-angebot","tag-selbsthilfe","tag-gemeinschaftserfahrung","tag-inklusion","tag-treffpunkt-linde","tag-barrierefrei","tag-kultureller-austausch","tag-behinderung","tag-familientreffen","tag-sichere-raeume","tag-austausch","tag-gegenseitige-unterstuetzung","tag-orientierung","tag-fragen-zu-behinderung","tag-familienfreundlich","tag-kinderbetreuung","tribe_events_cat-cafe-miteinander","cat_cafe-miteinander"],"acf":[],"_links":{"self":[{"href":"https:\/\/miteinander.fed-leipzig.de\/es\/wp-json\/wp\/v2\/tribe_events\/857","targetHints":{"allow":["GET"]}}],"collection":[{"href":"https:\/\/miteinander.fed-leipzig.de\/es\/wp-json\/wp\/v2\/tribe_events"}],"about":[{"href":"https:\/\/miteinander.fed-leipzig.de\/es\/wp-json\/wp\/v2\/types\/tribe_events"}],"author":[{"embeddable":true,"href":"https:\/\/miteinander.fed-leipzig.de\/es\/wp-json\/wp\/v2\/users\/1"}],"version-history":[{"count":1,"href":"https:\/\/miteinander.fed-leipzig.de\/es\/wp-json\/wp\/v2\/tribe_events\/857\/revisions"}],"predecessor-version":[{"id":858,"href":"https:\/\/miteinander.fed-leipzig.de\/es\/wp-json\/wp\/v2\/tribe_events\/857\/revisions\/858"}],"wp:featuredmedia":[{"embeddable":true,"href":"https:\/\/miteinander.fed-leipzig.de\/es\/wp-json\/wp\/v2\/media\/260"}],"wp:attachment":[{"href":"https:\/\/miteinander.fed-leipzig.de\/es\/wp-json\/wp\/v2\/media?parent=857"}],"wp:term":[{"taxonomy":"post_tag","embeddable":true,"href":"https:\/\/miteinander.fed-leipzig.de\/es\/wp-json\/wp\/v2\/tags?post=857"},{"taxonomy":"tribe_events_cat","embeddable":true,"href":"https:\/\/miteinander.fed-leipzig.de\/es\/wp-json\/wp\/v2\/tribe_events_cat?post=857"}],"curies":[{"name":"wp","href":"https:\/\/api.w.org\/{rel}","templated":true}]}}